{"id":167,"date":"2021-10-29T14:00:05","date_gmt":"2021-10-29T12:00:05","guid":{"rendered":"https:\/\/bvm.nrw\/?page_id=167"},"modified":"2022-06-28T09:14:55","modified_gmt":"2022-06-28T07:14:55","slug":"veroeffentlichungen","status":"publish","type":"page","link":"https:\/\/vorgebirgsmusikanten.de\/?page_id=167","title":{"rendered":"Ver\u00f6ffentlichungen"},"content":{"rendered":"\n<p>Musik der Bornheimer Vorgebirgsmusikanten 1984 e.V.<\/p>\n\n\n\n<p>Auf dieser Seite m\u00f6chten wir Ihnen unsere bisherigen CD\u00b4s vorstellen.<\/p>\n\n\n\n<p>Weitere Informationen zu den Titeln durch anklicken.<\/p>\n\n\n\n<p>Unsere dritte CD <strong>\u201e25 Jahre Musik mit Herz \u2013 Die CD zum Jubil\u00e4um\u201c<\/strong> wurde in unserem Vereinsheim <em><strong>\u201eMusikantentreff\u201c<\/strong><\/em> aufgenommen! Wir haben uns bewusst gegen ein Tonstudio entschieden, weil unser Vereinsheim Ideale Voraussetzungen f\u00fcr eine authentische Aufnahme bietet.<\/p>\n\n\n\n<div class=\"wp-block-columns is-layout-flex wp-container-core-columns-is-layout-28f84493 wp-block-columns-is-layout-flex\">\n<div class=\"wp-block-column is-layout-flow wp-block-column-is-layout-flow\" style=\"flex-basis:33.33%\">\n<figure class=\"wp-block-image size-full\"><img loading=\"lazy\" decoding=\"async\" width=\"300\" height=\"288\" src=\"https:\/\/bvm.nrw\/wp-content\/uploads\/2021\/11\/25_jahre_musik_mit_herz_gross.jpg\" alt=\"\" class=\"wp-image-177\" srcset=\"https:\/\/vorgebirgsmusikanten.de\/wp-content\/uploads\/2021\/11\/25_jahre_musik_mit_herz_gross.jpg 300w, https:\/\/vorgebirgsmusikanten.de\/wp-content\/uploads\/2021\/11\/25_jahre_musik_mit_herz_gross-150x144.jpg 150w\" sizes=\"auto, (max-width: 300px) 100vw, 300px\" \/><\/figure>\n<\/div>\n\n\n\n<div class=\"wp-block-column is-layout-flow wp-block-column-is-layout-flow\" style=\"flex-basis:66.66%\">\n<p><a onclick=\"window.open('bvm.php?p=musik&amp;titel=25jmmh-01','','toolbar=no,scrollbars=no,width=370,height=300,left=200,top=200')\">Olympiade<\/a>&nbsp;&nbsp;<a href=\"http:\/\/www.youtube.com\/user\/Vorgebirgsmusikanten#p\/u\/3\/ZOmOgylt8pU\" target=\"_blank\" rel=\"noopener\"><img decoding=\"async\" border=\"0\" src=\"wp-content\/uploads\/2022\/06\/youtube_social_icon_red.png\" width=\"29\" heigth=\"20\"> (ab 2:35)<\/a>\n\t\t<br><a onclick=\"window.open('bvm-old.php?p=musik&amp;titel=25jmmh-02','','toolbar=no,scrollbars=no,width=420,height=500,left=200,top=200')\">Vorgebirgsmusikanten<\/a>&nbsp;&nbsp;<a href=\"http:\/\/www.youtube.com\/user\/Vorgebirgsmusikanten#p\/u\/4\/EOr9vU2GsrY\" target=\"_blank\" rel=\"noopener\"><img decoding=\"async\" border=\"0\" src=\"wp-content\/uploads\/2022\/06\/youtube_social_icon_red.png\" width=\"29\" heigth=\"20\"><\/a>\n\t\t<br><a onclick=\"window.open('bvm-old.php?p=musik&amp;titel=25jmmh-03','','toolbar=no,scrollbars=no,width=370,height=300,left=200,top=200')\">Rosenbl\u00fcten<\/a>\t&nbsp;&nbsp;<a href=\"http:\/\/www.youtube.com\/user\/Vorgebirgsmusikanten#p\/u\/1\/Q2kGgsgc3rg\" target=\"_blank\" rel=\"noopener\"><img decoding=\"async\" border=\"0\" src=\"wp-content\/uploads\/2022\/06\/youtube_social_icon_red.png\" width=\"29\" heigth=\"20\"><\/a>\n\t\t<br><a onclick=\"window.open('bvm-old.php?p=musik&amp;titel=25jmmh-04','','toolbar=no,scrollbars=no,width=370,height=300,left=200,top=200')\">Br\u00fcnner M\u00e4del<\/a>&nbsp;&nbsp;<a href=\"http:\/\/www.youtube.com\/user\/Vorgebirgsmusikanten#p\/u\/2\/RgQSsP8xuws\" target=\"_blank\" rel=\"noopener\"><img decoding=\"async\" border=\"0\" src=\"wp-content\/uploads\/2022\/06\/youtube_social_icon_red.png\" width=\"29\" heigth=\"20\"><\/a>\n\t\t<br><a onclick=\"window.open('bvm-old.php?p=musik&amp;titel=25jmmh-05','','toolbar=no,scrollbars=no,width=370,height=300,left=200,top=200')\">Das kleine Dorf im Tal<\/a>\n\t\t<br><a onclick=\"window.open('bvm-old.php?p=musik&amp;titel=25jmmh-06','','toolbar=no,scrollbars=no,width=370,height=300,left=200,top=200')\">Rosamunde<\/a>&nbsp;&nbsp;<a href=\"http:\/\/www.youtube.com\/user\/Vorgebirgsmusikanten#p\/u\/6\/8UqhNFk-LGc\" target=\"_blank\" rel=\"noopener\"><img decoding=\"async\" border=\"0\" src=\"wp-content\/uploads\/2022\/06\/youtube_social_icon_red.png\" width=\"29\" heigth=\"20\"><\/a>\n\t\t<br><a onclick=\"window.open('bvm-old.php?p=musik&amp;titel=25jmmh-07','','toolbar=no,scrollbars=no,width=370,height=300,left=200,top=200')\">Wei\u00dfe Birken<\/a>\n\t\t<br><a onclick=\"window.open('bvm-old.php?p=musik&amp;titel=25jmmh-08','','toolbar=no,scrollbars=no,width=370,height=300,left=200,top=200')\">Der Traum vom S\u00fcden<\/a>&nbsp;&nbsp;<a href=\"http:\/\/www.youtube.com\/user\/Vorgebirgsmusikanten#p\/u\/3\/ZOmOgylt8pU\" target=\"_blank\" rel=\"noopener\"><img decoding=\"async\" border=\"0\" src=\"wp-content\/uploads\/2022\/06\/youtube_social_icon_red.png\" width=\"29\" heigth=\"20\"><\/a>\n\t\t<br><a onclick=\"window.open('bvm-old.php?p=musik&amp;titel=25jmmh-09','','toolbar=no,scrollbars=no,width=370,height=300,left=200,top=200')\">Der Griesgram<\/a>\n\t\t<br><a onclick=\"window.open('bvm-old.php?p=musik&amp;titel=25jmmh-10','','toolbar=no,scrollbars=no,width=370,height=300,left=200,top=200')\">ES AS<\/a>\n\t\t<br><a onclick=\"window.open('bvm-old.php?p=musik&amp;titel=25jmmh-11','','toolbar=no,scrollbars=no,width=370,height=300,left=200,top=200')\">Am Dorfplatz<\/a>\n\t\t<br><a onclick=\"window.open('bvm-old.php?p=musik&amp;titel=25jmmh-12','','toolbar=no,scrollbars=no,width=370,height=300,left=200,top=200')\">Br\u00fcnner Polka<\/a>\n\t\t<br><a onclick=\"window.open('bvm-old.php?p=musik&amp;titel=25jmmh-13','','toolbar=no,scrollbars=no,width=370,height=300,left=200,top=200')\">Ivuschka<\/a>\n\t\t<br><a onclick=\"window.open('bvm-old.php?p=musik&amp;titel=25jmmh-14','','toolbar=no,scrollbars=no,width=370,height=300,left=200,top=200')\">Mariechen<\/a>\n\t\t<br><a onclick=\"window.open('bvm-old.php?p=musik&amp;titel=25jmmh-15','','toolbar=no,scrollbars=no,width=370,height=300,left=200,top=200')\">Sch\u00f6ne Jugendzeit<\/a>\n\t\t<br><a onclick=\"window.open('bvm-old.php?p=musik&amp;titel=25jmmh-16','','toolbar=no,scrollbars=no,width=370,height=300,left=200,top=200')\">Prerovanka<\/a>\n\t\t<br><a onclick=\"window.open('bvm-old.php?p=musik&amp;titel=25jmmh-17','','toolbar=no,scrollbars=no,width=370,height=300,left=200,top=200')\">Servus Pauline<\/a>\n\t\t<br><a onclick=\"window.open('bvm-old.php?p=musik&amp;titel=25jmmh-18','','toolbar=no,scrollbars=no,width=370,height=300,left=200,top=200')\">Trentschiner Musikanten Marsch<\/a>&nbsp;&nbsp;<a href=\"http:\/\/www.youtube.com\/user\/Vorgebirgsmusikanten#p\/u\/0\/ow_M7iKFuSE\" target=\"_blank\" rel=\"noopener\"><img decoding=\"async\" border=\"0\" src=\"wp-content\/uploads\/2022\/06\/youtube_social_icon_red.png\" width=\"29\" heigth=\"20\"> (bis 2:35)<\/a>\n\t\t<\/p>\n<\/div>\n<\/div>\n\n\n\n<p>Jubil\u00e4umskonzert: <strong>\u201e20 Jahre Vorgebirgsmusikanten\u201c<\/strong> \u2013 Live-Mitschnitt<\/p>\n\n\n\n<div class=\"wp-block-columns is-layout-flex wp-container-core-columns-is-layout-28f84493 wp-block-columns-is-layout-flex\">\n<div class=\"wp-block-column is-layout-flow wp-block-column-is-layout-flow\" style=\"flex-basis:33.33%\">\n<figure class=\"wp-block-image size-full\"><img loading=\"lazy\" decoding=\"async\" width=\"300\" height=\"296\" src=\"https:\/\/bvm.nrw\/wp-content\/uploads\/2021\/11\/jubilaeumskonzert_20_gross.jpg\" alt=\"\" class=\"wp-image-181\" srcset=\"https:\/\/vorgebirgsmusikanten.de\/wp-content\/uploads\/2021\/11\/jubilaeumskonzert_20_gross.jpg 300w, https:\/\/vorgebirgsmusikanten.de\/wp-content\/uploads\/2021\/11\/jubilaeumskonzert_20_gross-150x148.jpg 150w\" sizes=\"auto, (max-width: 300px) 100vw, 300px\" \/><\/figure>\n<\/div>\n\n\n\n<div class=\"wp-block-column is-layout-flow wp-block-column-is-layout-flow\" style=\"flex-basis:66.66%\">\n<p><a onclick=\"window.open('bvm-old.php?p=musik&amp;titel=jk20-01','','toolbar=no,scrollbars=no,width=370,height=300,left=200,top=200')\">Alte Kameraden<\/a>\n\t\t<br><a onclick=\"window.open('bvm-old.php?p=musik&amp;titel=jk20-02','','toolbar=no,scrollbars=no,width=370,height=350,left=200,top=200')\">Festliche Marschkl\u00e4nge<\/a>\n\t\t<br><a onclick=\"window.open('bvm-old.php?p=musik&amp;titel=jk20-03','','toolbar=no,scrollbars=no,width=370,height=300,left=200,top=200')\">Country &amp; Western<\/a>\n\t\t<br><a onclick=\"window.open('bvm-old.php?p=musik&amp;titel=jk20-04','','toolbar=no,scrollbars=no,width=370,height=300,left=200,top=200')\">Amarcord<\/a>\n\t\t<br><a onclick=\"window.open('bvm-old.php?p=musik&amp;titel=jk20-05','','toolbar=no,scrollbars=no,width=370,height=300,left=200,top=200')\">Br\u00fcnner M\u00e4del<\/a>\n\t\t<br><a onclick=\"window.open('bvm-old.php?p=musik&amp;titel=jk20-06','','toolbar=no,scrollbars=no,width=370,height=300,left=200,top=200')\">Svatebni &#8211; Valcik<\/a>\n\t\t<br><a onclick=\"window.open('bvm-old.php?p=musik&amp;titel=jk20-07','','toolbar=no,scrollbars=no,width=370,height=300,left=200,top=200')\">Jihoceska Polka<\/a>\n\t\t<br><a onclick=\"window.open('bvm-old.php?p=musik&amp;titel=jk20-08','','toolbar=no,scrollbars=no,width=370,height=300,left=200,top=200')\">Americans We<\/a>\n\t\t<br><a onclick=\"window.open('bvm-old.php?p=musik&amp;titel=jk20-09','','toolbar=no,scrollbars=no,width=370,height=300,left=200,top=200')\">E K\u00f6lsch Fiakerleed<\/a>\n\t\t<br><a onclick=\"window.open('bvm-old.php?p=musik&amp;titel=jk20-10','','toolbar=no,scrollbars=no,width=370,height=300,left=200,top=200')\">Ne K\u00f6lsche Stammbaum<\/a>\n\t\t<br><a onclick=\"window.open('bvm-old.php?p=musik&amp;titel=jk20-11','','toolbar=no,scrollbars=no,width=370,height=300,left=200,top=200')\">Die lustigen Dorfschmiede<\/a>\n\t\t<br><a onclick=\"window.open('bvm-old.php?p=musik&amp;titel=jk20-12','','toolbar=no,scrollbars=no,width=370,height=300,left=200,top=200')\">Trompetenexpress<\/a>\n\t\t<br><a onclick=\"window.open('bvm-old.php?p=musik&amp;titel=jk20-13','','toolbar=no,scrollbars=no,width=370,height=300,left=200,top=200')\">Wildcat Blues<\/a>\n\t\t<br><a onclick=\"window.open('bvm-old.php?p=musik&amp;titel=jk20-14','','toolbar=no,scrollbars=no,width=370,height=300,left=200,top=200')\">Them Basses<\/a>\n\t\t<br><a onclick=\"window.open('bvm-old.php?p=musik&amp;titel=jk20-15','','toolbar=no,scrollbars=no,width=370,height=320,left=200,top=200')\">Zu Besuch bei Robert Stolz &#8211; Potpourri<\/a>\n\t\t<br><a onclick=\"window.open('bvm-old.php?p=musik&amp;titel=jk20-16','','toolbar=no,scrollbars=no,width=370,height=300,left=200,top=200')\">Budweise Polka<\/a>\n\t\t<br><a onclick=\"window.open('bvm-old.php?p=musik&amp;titel=jk20-17','','toolbar=no,scrollbars=no,width=370,height=300,left=200,top=200')\">Mariechen Polka<\/a>\n\t\t<br><a onclick=\"window.open('bvm-old.php?p=musik&amp;titel=jk20-18','','toolbar=no,scrollbars=no,width=370,height=300,left=200,top=200')\">Olympiade Marsch<\/a>\n\t\t<br><a onclick=\"window.open('bvm-old.php?p=musik&amp;titel=jk20-19','','toolbar=no,scrollbars=no,width=370,height=300,left=200,top=200')\">Vzpominka na Loung<\/a>\n\t\t<br><a onclick=\"window.open('bvm-old.php?p=musik&amp;titel=jk20-20','','toolbar=no,scrollbars=no,width=370,height=300,left=200,top=200')\">Rut sin de Ruse &#8211; Walzer<\/a>\n\t\t<br><a onclick=\"window.open('bvm-old.php?p=musik&amp;titel=jk20-21','','toolbar=no,scrollbars=no,width=370,height=300,left=200,top=200')\">D&#8217;r Holzmichel<\/a>\n\t\t<\/p>\n<\/div>\n<\/div>\n\n\n\n<p>Unsere zweite Aufnahme <strong>\u201eGlocken der Heimat\u201c<\/strong> ist eine etwas andere Weihnachts-CD. Anders deshalb, weil vor den einzelnen Liedern das Gel\u00e4ut aller Kirchen unserer Stadt erklingt. Wir meinen, ein sch\u00f6nes Geschenk mit dieser Aufnahme bieten zu k\u00f6nnen, auch f\u00fcr Menschen, die in Bornheim geboren sind und nicht mehr in unserer sch\u00f6nen Stadt wohnen.<br><em>Das jeweilige Kirchengel\u00e4ut kann separat als mp3 heruntergeladen werden (Rechtsklick -&gt; Speichern unter).<\/em><\/p>\n\n\n\n<div class=\"wp-block-columns is-layout-flex wp-container-core-columns-is-layout-28f84493 wp-block-columns-is-layout-flex\">\n<div class=\"wp-block-column is-layout-flow wp-block-column-is-layout-flow\" style=\"flex-basis:33.33%\">\n<figure class=\"wp-block-image size-full\"><img loading=\"lazy\" decoding=\"async\" width=\"300\" height=\"288\" src=\"https:\/\/bvm.nrw\/wp-content\/uploads\/2021\/11\/glocken_der_heimat_gross.jpg\" alt=\"\" class=\"wp-image-179\" srcset=\"https:\/\/vorgebirgsmusikanten.de\/wp-content\/uploads\/2021\/11\/glocken_der_heimat_gross.jpg 300w, https:\/\/vorgebirgsmusikanten.de\/wp-content\/uploads\/2021\/11\/glocken_der_heimat_gross-150x144.jpg 150w\" sizes=\"auto, (max-width: 300px) 100vw, 300px\" \/><\/figure>\n<\/div>\n\n\n\n<div class=\"wp-block-column is-layout-flow wp-block-column-is-layout-flow\" style=\"flex-basis:66.66%\">\n<p><a onclick=\"window.open('bvm-old.php?p=musik&amp;titel=gdh01','','toolbar=no,scrollbars=no,width=370,height=300,left=200,top=200')\">Tochter Zion<\/a>&nbsp;&nbsp;&nbsp;\u2013&nbsp;&nbsp;&nbsp;<a href=\"wp-content\/uploads\/2021\/11\/st_servatius_bornheim.mp3\"><img decoding=\"async\" border=\"0\" src=\"wp-content\/uploads\/2021\/11\/lautsprecher.gif\">&nbsp;St. Servatius Bornheim<\/a>\n\t\t<br><a onclick=\"window.open('bvm-old.php?p=musik&amp;titel=gdh02','','toolbar=no,scrollbars=no,width=370,height=300,left=200,top=200')\">Am Weihnachtsbaume<\/a>&nbsp;&nbsp;&nbsp;\u2013&nbsp;&nbsp;&nbsp;<a href=\"wp-content\/uploads\/2021\/11\/st_albert_magnus_dersdorf.mp3\"><img decoding=\"async\" border=\"0\" src=\"wp-content\/uploads\/2021\/11\/lautsprecher.gif\">&nbsp;St. Albertus Magnus Dersdorf<\/a>\n\t\t<br><a onclick=\"window.open('bvm-old.php?p=musik&amp;titel=gdh03','','toolbar=no,scrollbars=no,width=370,height=300,left=200,top=200')\">Es ist ein Ros\u00b4entsprungen<\/a>&nbsp;&nbsp;&nbsp;\u2013&nbsp;&nbsp;&nbsp;<a href=\"wp-content\/uploads\/2021\/11\/st_martinus_merten.mp3\"><img decoding=\"async\" border=\"0\" src=\"wp-content\/uploads\/2021\/11\/lautsprecher.gif\">&nbsp;St. Martinus Merten<\/a>\n\t\t<br><a onclick=\"window.open('bvm-old.php?p=musik&amp;titel=gdh04','','toolbar=no,scrollbars=no,width=370,height=300,left=200,top=200')\">S\u00fc\u00dfer die Glocken nie klingen<\/a>&nbsp;&nbsp;&nbsp;\u2013&nbsp;&nbsp;&nbsp;<a href=\"wp-content\/uploads\/2021\/11\/ev_kirche_hersel.mp3\"><img decoding=\"async\" border=\"0\" src=\"wp-content\/uploads\/2021\/11\/lautsprecher.gif\">&nbsp;ev. Kirche Hersel<\/a>\n\t\t<br><a onclick=\"window.open('bvm-old.php?p=musik&amp;titel=gdh05','','toolbar=no,scrollbars=no,width=370,height=300,left=200,top=200')\">O Tannenbaum<\/a>&nbsp;&nbsp;&nbsp;\u2013&nbsp;&nbsp;&nbsp;<a href=\"wp-content\/uploads\/2021\/11\/st_michael_waldorf.mp3\"><img decoding=\"async\" border=\"0\" src=\"wp-content\/uploads\/2021\/11\/lautsprecher.gif\">&nbsp;St. Michael Waldorf<\/a>\n\t\t<br><a onclick=\"window.open('bvm-old.php?p=musik&amp;titel=gdh06','','toolbar=no,scrollbars=no,width=370,height=300,left=200,top=200')\">Leise rieset der Schnee<\/a>&nbsp;&nbsp;&nbsp;\u2013&nbsp;&nbsp;&nbsp;<a href=\"wp-content\/uploads\/2021\/11\/st_gervasius_u_protasius_sechtem.mp3\"><img decoding=\"async\" border=\"0\" src=\"wp-content\/uploads\/2021\/11\/lautsprecher.gif\">&nbsp;St. Gervasius u. Protasius Sechtem<\/a>\n\t\t<br><a onclick=\"window.open('bvm-old.php?p=musik&amp;titel=gdh07','','toolbar=no,scrollbars=no,width=370,height=300,left=200,top=200')\">Kling Gl\u00f6ckchen<\/a>&nbsp;&nbsp;&nbsp;\u2013&nbsp;&nbsp;&nbsp;<a href=\"wp-content\/uploads\/2021\/11\/st_georg_widdig.mp3\"><img decoding=\"async\" border=\"0\" src=\"wp-content\/uploads\/2021\/11\/lautsprecher.gif\">&nbsp;St. Georg Widdig<\/a>\n\t\t<br><a onclick=\"window.open('bvm-old.php?p=musik&amp;titel=gdh08','','toolbar=no,scrollbars=no,width=370,height=300,left=200,top=200')\">Vom Himmel hoch<\/a>&nbsp;&nbsp;&nbsp;\u2013&nbsp;&nbsp;&nbsp;<a href=\"wp-content\/uploads\/2021\/11\/st_walburga_walberberg.mp3\"><img decoding=\"async\" border=\"0\" src=\"wp-content\/uploads\/2021\/11\/lautsprecher.gif\">&nbsp;St. Walburga Walberberg<\/a>\n\t\t<br><a onclick=\"window.open('bvm-old.php?p=musik&amp;titel=gdh09','','toolbar=no,scrollbars=no,width=370,height=300,left=200,top=200')\">O du fr\u00f6hliche<\/a>&nbsp;&nbsp;&nbsp;\u2013&nbsp;&nbsp;&nbsp;<a href=\"wp-content\/uploads\/2021\/11\/st_joseph_kardorf.mp3\"><img decoding=\"async\" border=\"0\" src=\"wp-content\/uploads\/2021\/11\/lautsprecher.gif\">&nbsp;St. Joseph Kardorf<\/a>\n\t\t<br><a onclick=\"window.open('bvm-old.php?p=musik&amp;titel=gdh10','','toolbar=no,scrollbars=no,width=370,height=300,left=200,top=200')\">Ihr Kinderlein kommet<\/a>&nbsp;&nbsp;&nbsp;\u2013&nbsp;&nbsp;&nbsp;<a href=\"wp-content\/uploads\/2021\/11\/st_evergislus_brenig.mp3\"><img decoding=\"async\" border=\"0\" src=\"wp-content\/uploads\/2021\/11\/lautsprecher.gif\">&nbsp;St. Evergislus Brenig<\/a>\n\t\t<br><a onclick=\"window.open('bvm-old.php?p=musik&amp;titel=gdh11','','toolbar=no,scrollbars=no,width=370,height=300,left=200,top=200')\">White Chrismas<\/a>&nbsp;&nbsp;&nbsp;\u2013&nbsp;&nbsp;&nbsp;<a href=\"wp-content\/uploads\/2021\/11\/st_aegidius_hemmerich.mp3\"><img decoding=\"async\" border=\"0\" src=\"wp-content\/uploads\/2021\/11\/lautsprecher.gif\">&nbsp;St. Aegidius Hemmerich<\/a>\n\t\t<br><a onclick=\"window.open('bvm-old.php?p=musik&amp;titel=gdh12','','toolbar=no,scrollbars=no,width=370,height=300,left=200,top=200')\">Morgen kommt der Weihnachtsmann<\/a>&nbsp;&nbsp;&nbsp;\u2013&nbsp;&nbsp;&nbsp;<a href=\"wp-content\/uploads\/2021\/11\/ev_kirche_bornheim.mp3\"><img decoding=\"async\" border=\"0\" src=\"wp-content\/uploads\/2021\/11\/lautsprecher.gif\">&nbsp;ev. Kirche Bornheim<\/a>\n\t\t<br><a onclick=\"window.open('bvm-old.php?p=musik&amp;titel=gdh13','','toolbar=no,scrollbars=no,width=370,height=300,left=200,top=200')\">Heiligste Nacht<\/a>&nbsp;&nbsp;&nbsp;\u2013&nbsp;&nbsp;&nbsp;<a href=\"wp-content\/uploads\/2021\/11\/st_markus_roesberg.mp3\"><img decoding=\"async\" border=\"0\" src=\"wp-content\/uploads\/2021\/11\/lautsprecher.gif\">&nbsp;St. Markus R\u00f6sberg<\/a>\n\t\t<br><a onclick=\"window.open('bvm-old.php?p=musik&amp;titel=gdh14','','toolbar=no,scrollbars=no,width=370,height=300,left=200,top=200')\">Alle Jahre wieder<\/a>&nbsp;&nbsp;&nbsp;\u2013&nbsp;&nbsp;&nbsp;<a href=\"wp-content\/uploads\/2021\/11\/st_aegidius_hersel.mp3\"><img decoding=\"async\" border=\"0\" src=\"wp-content\/uploads\/2021\/11\/lautsprecher.gif\">&nbsp;St. Aegidius Hersel<\/a>\n\t\t<br><a onclick=\"window.open('bvm-old.php?p=musik&amp;titel=gdh15','','toolbar=no,scrollbars=no,width=370,height=300,left=200,top=200')\">Stille Nacht<\/a>&nbsp;&nbsp;&nbsp;\u2013&nbsp;&nbsp;&nbsp;<a href=\"wp-content\/uploads\/2021\/11\/st_sebastianus_roisdorf.mp3\"><img decoding=\"async\" border=\"0\" src=\"wp-content\/uploads\/2021\/11\/lautsprecher.gif\">&nbsp;St. Sebastianus Roisdorf<\/a>\n\t\t<\/p>\n<\/div>\n<\/div>\n\n\n\n<p>Unsere erste CD hat den Titel <strong>\u201eMusik mit Herz\u201c<\/strong>. Hier finden sich bekannte und beliebte St\u00fccke; vom Marsch, Walzer, Polka bis hin zu Solost\u00fccken.<\/p>\n\n\n\n<div class=\"wp-block-columns is-layout-flex wp-container-core-columns-is-layout-28f84493 wp-block-columns-is-layout-flex\">\n<div class=\"wp-block-column is-layout-flow wp-block-column-is-layout-flow\" style=\"flex-basis:33.33%\">\n<figure class=\"wp-block-image size-full\"><img loading=\"lazy\" decoding=\"async\" width=\"300\" height=\"288\" src=\"https:\/\/bvm.nrw\/wp-content\/uploads\/2021\/11\/musik_mit_herz_gross.jpg\" alt=\"\" class=\"wp-image-184\" srcset=\"https:\/\/vorgebirgsmusikanten.de\/wp-content\/uploads\/2021\/11\/musik_mit_herz_gross.jpg 300w, https:\/\/vorgebirgsmusikanten.de\/wp-content\/uploads\/2021\/11\/musik_mit_herz_gross-150x144.jpg 150w\" sizes=\"auto, (max-width: 300px) 100vw, 300px\" \/><\/figure>\n<\/div>\n\n\n\n<div class=\"wp-block-column is-layout-flow wp-block-column-is-layout-flow\" style=\"flex-basis:66.66%\">\n<p><a onclick=\"window.open('bvm-old.php?p=musik&amp;titel=mmh01','','toolbar=no,scrollbars=no,width=370,height=300,left=200,top=200')\">Gute Reise<\/a>\n\t\t<br><a onclick=\"window.open('bvm-old.php?p=musik&amp;titel=mmh02','','toolbar=no,scrollbars=no,width=370,height=300,left=200,top=200')\">Mein Heimatland<\/a>\n\t\t<br><a onclick=\"window.open('bvm-old.php?p=musik&amp;titel=mmh03','','toolbar=no,scrollbars=no,width=370,height=300,left=200,top=200')\">In Deinen Armen<\/a>\n\t\t<br><a onclick=\"window.open('bvm-old.php?p=musik&amp;titel=mmh04','','toolbar=no,scrollbars=no,width=370,height=300,left=200,top=200')\">Zwei lustige Vagabunden<\/a>\n\t\t<br><a onclick=\"window.open('bvm-old.php?p=musik&amp;titel=mmh05','','toolbar=no,scrollbars=no,width=370,height=300,left=200,top=200')\">Fliegermarsch<\/a>\n\t\t<br><a onclick=\"window.open('bvm-old.php?p=musik&amp;titel=mmh06','','toolbar=no,scrollbars=no,width=370,height=300,left=200,top=200')\">Egerland Heimatland<\/a>\n\t\t<br><a onclick=\"window.open('bvm-old.php?p=musik&amp;titel=mmh07','','toolbar=no,scrollbars=no,width=370,height=300,left=200,top=200')\">Zimmermann-Polka<\/a>\n\t\t<br><a onclick=\"window.open('bvm-old.php?p=musik&amp;titel=mmh08','','toolbar=no,scrollbars=no,width=370,height=300,left=200,top=200')\">Stammtischbr\u00fcder<\/a>\n\t\t<br><a onclick=\"window.open('bvm-old.php?p=musik&amp;titel=mmh09','','toolbar=no,scrollbars=no,width=370,height=300,left=200,top=200')\">Slavonicka-Polka<\/a>\n\t\t<br><a onclick=\"window.open('bvm-old.php?p=musik&amp;titel=mmh10','','toolbar=no,scrollbars=no,width=370,height=300,left=200,top=200')\">Ich bin verliebt in Deine sch\u00f6nen Augen<\/a>\n\t\t<br><a onclick=\"window.open('bvm-old.php?p=musik&amp;titel=mmh11','','toolbar=no,scrollbars=no,width=370,height=300,left=200,top=200')\">J\u00e4ger-Polka<\/a>\n\t\t<br><a onclick=\"window.open('bvm-old.php?p=musik&amp;titel=mmh12','','toolbar=no,scrollbars=no,width=370,height=300,left=200,top=200')\">Castaldo-Marsch<\/a>\n\t\t<br><a onclick=\"window.open('bvm-old.php?p=musik&amp;titel=mmh13','','toolbar=no,scrollbars=no,width=370,height=300,left=200,top=200')\">Gablonzer Perlen<\/a>\n\t\t<br><a onclick=\"window.open('bvm-old.php?p=musik&amp;titel=mmh14','','toolbar=no,scrollbars=no,width=370,height=300,left=200,top=200')\">Der alte Dessauer<\/a>\n\t\t<\/p>\n<\/div>\n<\/div>\n","protected":false},"excerpt":{"rendered":"<p>Unsere Musik kann man nicht nur Live erleben. Uns kann man mitnehmen, unterwegs oder auch Zuhause genie\u00dfen . Unsere bisherigen CD&#8217;s stellen wir Ihnen hier vor.<\/p>\n","protected":false},"author":1,"featured_media":538,"parent":0,"menu_order":0,"comment_status":"closed","ping_status":"closed","template":"","meta":{"footnotes":""},"class_list":["post-167","page","type-page","status-publish","has-post-thumbnail","hentry"],"yoast_head":"<!-- This site is optimized with the Yoast SEO plugin v27.5 - https:\/\/yoast.com\/product\/yoast-seo-wordpress\/ -->\n<title>Ver\u00f6ffentlichungen &#8211; Bornheimer Vorgebirgsmusikanten<\/title>\n<meta name=\"robots\" content=\"index, follow, max-snippet:-1, max-image-preview:large, max-video-preview:-1\" \/>\n<link rel=\"canonical\" href=\"https:\/\/vorgebirgsmusikanten.de\/?page_id=167\" \/>\n<meta property=\"og:locale\" content=\"de_DE\" \/>\n<meta property=\"og:type\" content=\"article\" \/>\n<meta property=\"og:title\" content=\"Ver\u00f6ffentlichungen &#8211; Bornheimer Vorgebirgsmusikanten\" \/>\n<meta property=\"og:description\" content=\"Unsere Musik kann man nicht nur Live erleben. Uns kann man mitnehmen, unterwegs oder auch Zuhause genie\u00dfen . Unsere bisherigen CD&#039;s stellen wir Ihnen hier vor.\" \/>\n<meta property=\"og:url\" content=\"https:\/\/vorgebirgsmusikanten.de\/?page_id=167\" \/>\n<meta property=\"og:site_name\" content=\"Bornheimer Vorgebirgsmusikanten\" \/>\n<meta property=\"article:publisher\" content=\"https:\/\/www.facebook.com\/Bornheimer-Vorgebirgsmusikanten-130543853651924\/\" \/>\n<meta property=\"article:modified_time\" content=\"2022-06-28T07:14:55+00:00\" \/>\n<meta property=\"og:image\" content=\"https:\/\/vorgebirgsmusikanten.de\/wp-content\/uploads\/2021\/11\/cdbanner.jpg\" \/>\n\t<meta property=\"og:image:width\" content=\"1200\" \/>\n\t<meta property=\"og:image:height\" content=\"576\" \/>\n\t<meta property=\"og:image:type\" content=\"image\/jpeg\" \/>\n<meta name=\"twitter:card\" content=\"summary_large_image\" \/>\n<meta name=\"twitter:label1\" content=\"Gesch\u00e4tzte Lesezeit\" \/>\n\t<meta name=\"twitter:data1\" content=\"8\u00a0Minuten\" \/>\n<script type=\"application\/ld+json\" class=\"yoast-schema-graph\">{\"@context\":\"https:\\\/\\\/schema.org\",\"@graph\":[{\"@type\":\"WebPage\",\"@id\":\"https:\\\/\\\/vorgebirgsmusikanten.de\\\/?page_id=167\",\"url\":\"https:\\\/\\\/vorgebirgsmusikanten.de\\\/?page_id=167\",\"name\":\"Ver\u00f6ffentlichungen &#8211; Bornheimer Vorgebirgsmusikanten\",\"isPartOf\":{\"@id\":\"https:\\\/\\\/vorgebirgsmusikanten.de\\\/#website\"},\"primaryImageOfPage\":{\"@id\":\"https:\\\/\\\/vorgebirgsmusikanten.de\\\/?page_id=167#primaryimage\"},\"image\":{\"@id\":\"https:\\\/\\\/vorgebirgsmusikanten.de\\\/?page_id=167#primaryimage\"},\"thumbnailUrl\":\"https:\\\/\\\/vorgebirgsmusikanten.de\\\/wp-content\\\/uploads\\\/2021\\\/11\\\/cdbanner.jpg\",\"datePublished\":\"2021-10-29T12:00:05+00:00\",\"dateModified\":\"2022-06-28T07:14:55+00:00\",\"breadcrumb\":{\"@id\":\"https:\\\/\\\/vorgebirgsmusikanten.de\\\/?page_id=167#breadcrumb\"},\"inLanguage\":\"de\",\"potentialAction\":[{\"@type\":\"ReadAction\",\"target\":[\"https:\\\/\\\/vorgebirgsmusikanten.de\\\/?page_id=167\"]}]},{\"@type\":\"ImageObject\",\"inLanguage\":\"de\",\"@id\":\"https:\\\/\\\/vorgebirgsmusikanten.de\\\/?page_id=167#primaryimage\",\"url\":\"https:\\\/\\\/vorgebirgsmusikanten.de\\\/wp-content\\\/uploads\\\/2021\\\/11\\\/cdbanner.jpg\",\"contentUrl\":\"https:\\\/\\\/vorgebirgsmusikanten.de\\\/wp-content\\\/uploads\\\/2021\\\/11\\\/cdbanner.jpg\",\"width\":1200,\"height\":576},{\"@type\":\"BreadcrumbList\",\"@id\":\"https:\\\/\\\/vorgebirgsmusikanten.de\\\/?page_id=167#breadcrumb\",\"itemListElement\":[{\"@type\":\"ListItem\",\"position\":1,\"name\":\"Startseite\",\"item\":\"https:\\\/\\\/vorgebirgsmusikanten.de\\\/\"},{\"@type\":\"ListItem\",\"position\":2,\"name\":\"Ver\u00f6ffentlichungen\"}]},{\"@type\":\"WebSite\",\"@id\":\"https:\\\/\\\/vorgebirgsmusikanten.de\\\/#website\",\"url\":\"https:\\\/\\\/vorgebirgsmusikanten.de\\\/\",\"name\":\"Bornheimer Vorgebirgsmusikanten\",\"description\":\"Beste Unterhaltung seit 1984\",\"publisher\":{\"@id\":\"https:\\\/\\\/vorgebirgsmusikanten.de\\\/#organization\"},\"potentialAction\":[{\"@type\":\"SearchAction\",\"target\":{\"@type\":\"EntryPoint\",\"urlTemplate\":\"https:\\\/\\\/vorgebirgsmusikanten.de\\\/?s={search_term_string}\"},\"query-input\":{\"@type\":\"PropertyValueSpecification\",\"valueRequired\":true,\"valueName\":\"search_term_string\"}}],\"inLanguage\":\"de\"},{\"@type\":\"Organization\",\"@id\":\"https:\\\/\\\/vorgebirgsmusikanten.de\\\/#organization\",\"name\":\"Bornheimer Vorgebirgsmusikanten 1984 e.V.\",\"url\":\"https:\\\/\\\/vorgebirgsmusikanten.de\\\/\",\"logo\":{\"@type\":\"ImageObject\",\"inLanguage\":\"de\",\"@id\":\"https:\\\/\\\/vorgebirgsmusikanten.de\\\/#\\\/schema\\\/logo\\\/image\\\/\",\"url\":\"https:\\\/\\\/vorgebirgsmusikanten.de\\\/wp-content\\\/uploads\\\/2021\\\/11\\\/bvm-logo.gif\",\"contentUrl\":\"https:\\\/\\\/vorgebirgsmusikanten.de\\\/wp-content\\\/uploads\\\/2021\\\/11\\\/bvm-logo.gif\",\"width\":205,\"height\":277,\"caption\":\"Bornheimer Vorgebirgsmusikanten 1984 e.V.\"},\"image\":{\"@id\":\"https:\\\/\\\/vorgebirgsmusikanten.de\\\/#\\\/schema\\\/logo\\\/image\\\/\"},\"sameAs\":[\"https:\\\/\\\/www.facebook.com\\\/Bornheimer-Vorgebirgsmusikanten-130543853651924\\\/\",\"https:\\\/\\\/instagram.com\\\/vorgebirgsmusikanten\"]}]}<\/script>\n<!-- \/ Yoast SEO plugin. -->","yoast_head_json":{"title":"Ver\u00f6ffentlichungen &#8211; Bornheimer Vorgebirgsmusikanten","robots":{"index":"index","follow":"follow","max-snippet":"max-snippet:-1","max-image-preview":"max-image-preview:large","max-video-preview":"max-video-preview:-1"},"canonical":"https:\/\/vorgebirgsmusikanten.de\/?page_id=167","og_locale":"de_DE","og_type":"article","og_title":"Ver\u00f6ffentlichungen &#8211; Bornheimer Vorgebirgsmusikanten","og_description":"Unsere Musik kann man nicht nur Live erleben. Uns kann man mitnehmen, unterwegs oder auch Zuhause genie\u00dfen . Unsere bisherigen CD's stellen wir Ihnen hier vor.","og_url":"https:\/\/vorgebirgsmusikanten.de\/?page_id=167","og_site_name":"Bornheimer Vorgebirgsmusikanten","article_publisher":"https:\/\/www.facebook.com\/Bornheimer-Vorgebirgsmusikanten-130543853651924\/","article_modified_time":"2022-06-28T07:14:55+00:00","og_image":[{"width":1200,"height":576,"url":"https:\/\/vorgebirgsmusikanten.de\/wp-content\/uploads\/2021\/11\/cdbanner.jpg","type":"image\/jpeg"}],"twitter_card":"summary_large_image","twitter_misc":{"Gesch\u00e4tzte Lesezeit":"8\u00a0Minuten"},"schema":{"@context":"https:\/\/schema.org","@graph":[{"@type":"WebPage","@id":"https:\/\/vorgebirgsmusikanten.de\/?page_id=167","url":"https:\/\/vorgebirgsmusikanten.de\/?page_id=167","name":"Ver\u00f6ffentlichungen &#8211; Bornheimer Vorgebirgsmusikanten","isPartOf":{"@id":"https:\/\/vorgebirgsmusikanten.de\/#website"},"primaryImageOfPage":{"@id":"https:\/\/vorgebirgsmusikanten.de\/?page_id=167#primaryimage"},"image":{"@id":"https:\/\/vorgebirgsmusikanten.de\/?page_id=167#primaryimage"},"thumbnailUrl":"https:\/\/vorgebirgsmusikanten.de\/wp-content\/uploads\/2021\/11\/cdbanner.jpg","datePublished":"2021-10-29T12:00:05+00:00","dateModified":"2022-06-28T07:14:55+00:00","breadcrumb":{"@id":"https:\/\/vorgebirgsmusikanten.de\/?page_id=167#breadcrumb"},"inLanguage":"de","potentialAction":[{"@type":"ReadAction","target":["https:\/\/vorgebirgsmusikanten.de\/?page_id=167"]}]},{"@type":"ImageObject","inLanguage":"de","@id":"https:\/\/vorgebirgsmusikanten.de\/?page_id=167#primaryimage","url":"https:\/\/vorgebirgsmusikanten.de\/wp-content\/uploads\/2021\/11\/cdbanner.jpg","contentUrl":"https:\/\/vorgebirgsmusikanten.de\/wp-content\/uploads\/2021\/11\/cdbanner.jpg","width":1200,"height":576},{"@type":"BreadcrumbList","@id":"https:\/\/vorgebirgsmusikanten.de\/?page_id=167#breadcrumb","itemListElement":[{"@type":"ListItem","position":1,"name":"Startseite","item":"https:\/\/vorgebirgsmusikanten.de\/"},{"@type":"ListItem","position":2,"name":"Ver\u00f6ffentlichungen"}]},{"@type":"WebSite","@id":"https:\/\/vorgebirgsmusikanten.de\/#website","url":"https:\/\/vorgebirgsmusikanten.de\/","name":"Bornheimer Vorgebirgsmusikanten","description":"Beste Unterhaltung seit 1984","publisher":{"@id":"https:\/\/vorgebirgsmusikanten.de\/#organization"},"potentialAction":[{"@type":"SearchAction","target":{"@type":"EntryPoint","urlTemplate":"https:\/\/vorgebirgsmusikanten.de\/?s={search_term_string}"},"query-input":{"@type":"PropertyValueSpecification","valueRequired":true,"valueName":"search_term_string"}}],"inLanguage":"de"},{"@type":"Organization","@id":"https:\/\/vorgebirgsmusikanten.de\/#organization","name":"Bornheimer Vorgebirgsmusikanten 1984 e.V.","url":"https:\/\/vorgebirgsmusikanten.de\/","logo":{"@type":"ImageObject","inLanguage":"de","@id":"https:\/\/vorgebirgsmusikanten.de\/#\/schema\/logo\/image\/","url":"https:\/\/vorgebirgsmusikanten.de\/wp-content\/uploads\/2021\/11\/bvm-logo.gif","contentUrl":"https:\/\/vorgebirgsmusikanten.de\/wp-content\/uploads\/2021\/11\/bvm-logo.gif","width":205,"height":277,"caption":"Bornheimer Vorgebirgsmusikanten 1984 e.V."},"image":{"@id":"https:\/\/vorgebirgsmusikanten.de\/#\/schema\/logo\/image\/"},"sameAs":["https:\/\/www.facebook.com\/Bornheimer-Vorgebirgsmusikanten-130543853651924\/","https:\/\/instagram.com\/vorgebirgsmusikanten"]}]}},"_links":{"self":[{"href":"https:\/\/vorgebirgsmusikanten.de\/index.php?rest_route=\/wp\/v2\/pages\/167","targetHints":{"allow":["GET"]}}],"collection":[{"href":"https:\/\/vorgebirgsmusikanten.de\/index.php?rest_route=\/wp\/v2\/pages"}],"about":[{"href":"https:\/\/vorgebirgsmusikanten.de\/index.php?rest_route=\/wp\/v2\/types\/page"}],"author":[{"embeddable":true,"href":"https:\/\/vorgebirgsmusikanten.de\/index.php?rest_route=\/wp\/v2\/users\/1"}],"replies":[{"embeddable":true,"href":"https:\/\/vorgebirgsmusikanten.de\/index.php?rest_route=%2Fwp%2Fv2%2Fcomments&post=167"}],"version-history":[{"count":25,"href":"https:\/\/vorgebirgsmusikanten.de\/index.php?rest_route=\/wp\/v2\/pages\/167\/revisions"}],"predecessor-version":[{"id":1083,"href":"https:\/\/vorgebirgsmusikanten.de\/index.php?rest_route=\/wp\/v2\/pages\/167\/revisions\/1083"}],"wp:featuredmedia":[{"embeddable":true,"href":"https:\/\/vorgebirgsmusikanten.de\/index.php?rest_route=\/wp\/v2\/media\/538"}],"wp:attachment":[{"href":"https:\/\/vorgebirgsmusikanten.de\/index.php?rest_route=%2Fwp%2Fv2%2Fmedia&parent=167"}],"curies":[{"name":"wp","href":"https:\/\/api.w.org\/{rel}","templated":true}]}}